{"id":3226,"date":"2017-04-29T10:20:22","date_gmt":"2017-04-29T10:20:22","guid":{"rendered":"https:\/\/www.bilaketa.es\/?page_id=3226\/"},"modified":"2023-09-06T20:21:45","modified_gmt":"2023-09-06T18:21:45","slug":"mariano-garcia-musika-banda","status":"publish","type":"page","link":"https:\/\/www.bilaketa.es\/eu\/kultur-arloa\/mariano-garcia-musika-banda\/","title":{"rendered":"<em>Mariano Garc\u00eda<\/em> Musika Banda"},"content":{"rendered":"<div class=\"wpb-content-wrapper\">[vc_row padding_top=&#8221;30px&#8221; padding_bottom=&#8221;0px&#8221; bg_video=&#8221;&#8221; class=&#8221;&#8221; style=&#8221;&#8221;][vc_column fade_animation_offset=&#8221;45px&#8221;][vc_column_text]<a  class=\"x-img x-img-link x-img-rounded\"  href=\"https:\/\/www.bilaketa.es\/area-de-cultura\/\" title=\"Area de Cultura\"    data-options=\"thumbnail: 'https:\/\/www.bilaketa.es\/wp-content\/uploads\/2016\/05\/area-cultura-1.jpg'\"><img decoding=\"async\" src=\"https:\/\/www.bilaketa.es\/wp-content\/uploads\/2016\/05\/area-cultura-1.jpg\" ><\/a><h2  class=\"h-custom-headline center-text h2\" ><span><em>Mariano Garc\u00eda<\/em> Musika Banda<\/span><\/h2><hr  class=\"x-gap\" style=\"margin: 2.313em 0 0 0;\">[\/vc_column_text][\/vc_column][\/vc_row][vc_row padding_top=&#8221;0px&#8221; padding_bottom=&#8221;0px&#8221; border=&#8221;none&#8221; bg_video=&#8221;&#8221; class=&#8221;&#8221; style=&#8221;&#8221;][vc_column width=&#8221;1\/4&#8243; fade_animation=&#8221;in-from-left&#8221; fade_animation_offset=&#8221;45px&#8221; id=&#8221;&#8221; class=&#8221;&#8221; style=&#8221;&#8221;][vc_btn title=&#8221;Gazteria Arloa&#8221; style=&#8221;outline-custom&#8221; outline_custom_color=&#8221;#fe8404&#8243; outline_custom_hover_background=&#8221;#fe8404&#8243; outline_custom_hover_text=&#8221;#ffffff&#8221; align=&#8221;left&#8221; i_type=&#8221;entypo&#8221; i_icon_entypo=&#8221;entypo-icon entypo-icon-pencil&#8221; button_block=&#8221;true&#8221; add_icon=&#8221;true&#8221; link=&#8221;url:https%3A%2F%2Fwww.bilaketa.es%2Feu%2Fgazteria-arloa%2F|title:Gazteria%20Arloa||&#8221;][vc_btn title=&#8221;Adinekoen Arloa&#8221; style=&#8221;outline-custom&#8221; outline_custom_color=&#8221;#b19d96&#8243; outline_custom_hover_background=&#8221;#b19d96&#8243; outline_custom_hover_text=&#8221;#ffffff&#8221; align=&#8221;left&#8221; i_type=&#8221;entypo&#8221; i_icon_entypo=&#8221;entypo-icon entypo-icon-feather&#8221; button_block=&#8221;true&#8221; add_icon=&#8221;true&#8221; link=&#8221;url:https%3A%2F%2Fwww.bilaketa.es%2Feu%2Fadinekoen-arloa%2F|title:Adinekoen%20Arloa||&#8221;][vc_btn title=&#8221;Kultur Arloa&#8221; style=&#8221;custom&#8221; custom_background=&#8221;#4e4e4e&#8221; custom_text=&#8221;#ffffff&#8221; align=&#8221;left&#8221; i_type=&#8221;entypo&#8221; i_icon_entypo=&#8221;entypo-icon entypo-icon-book&#8221; button_block=&#8221;true&#8221; add_icon=&#8221;true&#8221; link=&#8221;url:https%3A%2F%2Fwww.bilaketa.es%2Feu%2Fkultur-arloa%2F|title:Kultur%20Arloa||&#8221;][vc_btn title=&#8221;Aurkezpena&#8221; style=&#8221;outline-custom&#8221; outline_custom_color=&#8221;#4e4e4e&#8221; outline_custom_hover_background=&#8221;#4e4e4e&#8221; outline_custom_hover_text=&#8221;#ffffff&#8221; size=&#8221;sm&#8221; align=&#8221;left&#8221; button_block=&#8221;true&#8221; link=&#8221;url:https%3A%2F%2Fwww.bilaketa.es%2Feu%2Fkultur-arloa%2F|title:Kultura%20Arloa%20Aurkezpena||&#8221; css=&#8221;.vc_custom_1493461174533{padding-left: 30px !important;}&#8221;][vc_btn title=&#8221;Nazioarteko Poesia, Narratiba eta Pintura Sariketak&#8221; style=&#8221;outline-custom&#8221; outline_custom_color=&#8221;#4e4e4e&#8221; outline_custom_hover_background=&#8221;#4e4e4e&#8221; outline_custom_hover_text=&#8221;#ffffff&#8221; size=&#8221;sm&#8221; align=&#8221;left&#8221; button_block=&#8221;true&#8221; link=&#8221;url:https%3A%2F%2Fwww.bilaketa.es%2Feu%2Fkultur-arloa%2Fnazioarteko-poesia-narratiba-eta-pintura-sariketak%2F|title:Nazioarteko%20Poesia%2C%20Narratiba%20eta%20Pintura%20Sariketak||&#8221; css=&#8221;.vc_custom_1493461161364{margin-top: -20px !important;padding-left: 30px !important;}&#8221;][vc_btn title=&#8221;Kanpo Eskultura Nazioarteko Lehiaketa&#8221; style=&#8221;outline-custom&#8221; outline_custom_color=&#8221;#4e4e4e&#8221; outline_custom_hover_background=&#8221;#4e4e4e&#8221; outline_custom_hover_text=&#8221;#ffffff&#8221; size=&#8221;sm&#8221; align=&#8221;left&#8221; button_block=&#8221;true&#8221; link=&#8221;url:https%3A%2F%2Fwww.bilaketa.es%2Feu%2Fkultur-arloa%2Fkanpo-eskultura-sariketa%2F|title:Kanpo%20Eskultura%20Nazioarteko%20Lehiaketa||&#8221; css=&#8221;.vc_custom_1493461147185{margin-top: -20px !important;padding-left: 30px !important;}&#8221;][vc_btn title=&#8221;<em>Mariano Garc\u00eda<\/em> Musika Akademia&#8221; style=&#8221;outline-custom&#8221; outline_custom_color=&#8221;#4e4e4e&#8221; outline_custom_hover_background=&#8221;#4e4e4e&#8221; outline_custom_hover_text=&#8221;#ffffff&#8221; size=&#8221;sm&#8221; align=&#8221;left&#8221; button_block=&#8221;true&#8221; link=&#8221;url:https%3A%2F%2Fwww.bilaketa.es%2Feu%2Fkultur-arloa%2Fmariano-garcia-musika-akademia%2F|title:%3Cem%3EMariano%20Garc%C3%ADa%3C%2Fem%3E%20Musika%20Akademia||&#8221; css=&#8221;.vc_custom_1493461128971{margin-top: -20px !important;padding-left: 30px !important;}&#8221;][vc_btn title=&#8221;<em>Mariano Garc\u00eda<\/em> Musika Banda&#8221; style=&#8221;custom&#8221; custom_background=&#8221;#4e4e4e&#8221; custom_text=&#8221;#ffffff&#8221; size=&#8221;sm&#8221; align=&#8221;left&#8221; button_block=&#8221;true&#8221; link=&#8221;url:%23|title:%3Cem%3EMariano%20Garc%C3%ADa%3C%2Fem%3E%20Musika%20Banda||&#8221; css=&#8221;.vc_custom_1493461112768{margin-top: -20px !important;padding-left: 30px !important;}&#8221;][vc_btn title=&#8221;Boluntarioen Eskola&#8221; style=&#8221;outline-custom&#8221; outline_custom_color=&#8221;#4e4e4e&#8221; outline_custom_hover_background=&#8221;#4e4e4e&#8221; outline_custom_hover_text=&#8221;#ffffff&#8221; size=&#8221;sm&#8221; align=&#8221;left&#8221; button_block=&#8221;true&#8221; link=&#8221;url:https%3A%2F%2Fwww.bilaketa.es%2Feu%2Fkultur-arloa%2Fboluntarioen-eskola%2F|title:Boluntarioen%20Eskola||&#8221; css=&#8221;.vc_custom_1493632714128{margin-top: -20px !important;padding-left: 30px !important;}&#8221;][vc_btn title=&#8221;Liburutegia&#8221; style=&#8221;outline-custom&#8221; outline_custom_color=&#8221;#4e4e4e&#8221; outline_custom_hover_background=&#8221;#4e4e4e&#8221; outline_custom_hover_text=&#8221;#ffffff&#8221; size=&#8221;sm&#8221; align=&#8221;left&#8221; button_block=&#8221;true&#8221; link=&#8221;url:https%3A%2F%2Fwww.bilaketa.es%2Feu%2Fkultur-arloa%2Fliburutegia%2F|title:Liburutegia||&#8221; css=&#8221;.vc_custom_1493632789823{margin-top: -20px !important;padding-left: 30px !important;}&#8221;][vc_btn title=&#8221;Irakurketa Virtual Tailerra <em>VIVEleyendo!<\/em>&#8221; style=&#8221;outline-custom&#8221; outline_custom_color=&#8221;#4e4e4e&#8221; outline_custom_hover_background=&#8221;#4e4e4e&#8221; outline_custom_hover_text=&#8221;#ffffff&#8221; size=&#8221;sm&#8221; align=&#8221;left&#8221; button_block=&#8221;true&#8221; link=&#8221;url:https%3A%2F%2Fwww.bilaketa.es%2Feu%2Fkultur-arloa%2Firakurketa-virtual-tailerra-viveleyendo%2F|title:Irakurketa%20Virtual%20Tailerra%20%3Cem%3EVIVEleyendo!%3C%2Fem%3E||&#8221; css=&#8221;.vc_custom_1493632832826{margin-top: -20px !important;padding-left: 30px !important;}&#8221;][vc_btn title=&#8221;Bilaketa Ondarea Erakusketa&#8221; style=&#8221;outline-custom&#8221; outline_custom_color=&#8221;#4e4e4e&#8221; outline_custom_hover_background=&#8221;#4e4e4e&#8221; outline_custom_hover_text=&#8221;#ffffff&#8221; size=&#8221;sm&#8221; align=&#8221;left&#8221; button_block=&#8221;true&#8221; link=&#8221;url:https%3A%2F%2Fwww.bilaketa.es%2Feu%2Fkultur-arloa%2Fbilaketa-ondarea-erakusketa%2F|title:Bilaketa%20Ondarea%20Erakusketa||&#8221; css=&#8221;.vc_custom_1493632885171{margin-top: -20px !important;padding-left: 30px !important;}&#8221;][vc_btn title=&#8221;Berriak eta Jarduerak&#8221; style=&#8221;outline-custom&#8221; outline_custom_color=&#8221;#4e4e4e&#8221; outline_custom_hover_background=&#8221;#4e4e4e&#8221; outline_custom_hover_text=&#8221;#ffffff&#8221; size=&#8221;sm&#8221; align=&#8221;left&#8221; button_block=&#8221;true&#8221; link=&#8221;url:https%3A%2F%2Fwww.bilaketa.es%2Feu%2Fkultur-arloa%2Fberriak-eta-jarduerak%2F|title:Berriak%20eta%20Jarduerak||&#8221; css=&#8221;.vc_custom_1493632931635{margin-top: -20px !important;padding-left: 30px !important;}&#8221;][vc_btn title=&#8221;Adinekoentzako <em>Francisco Yndur\u00e1in <\/em>Unibertsitatea&#8221; style=&#8221;outline-custom&#8221; outline_custom_color=&#8221;#4cadc9&#8243; outline_custom_hover_background=&#8221;#4cadc9&#8243; outline_custom_hover_text=&#8221;#ffffff&#8221; align=&#8221;left&#8221; i_icon_fontawesome=&#8221;fa fa-graduation-cap&#8221; button_block=&#8221;true&#8221; add_icon=&#8221;true&#8221; link=&#8221;url:https%3A%2F%2Fwww.bilaketa.es%2Feu%2Fadinekoentzako-francisco-yndurain-unibertsitatea%2F|title:Adinekoentzako%20%3Cem%3EFrancisco%20Yndur%C3%A1in%20%3C%2Fem%3EUnibertsitatea||&#8221;][vc_btn title=&#8221;Zientzien eta Teknologia Berrien Kluba&#8221; style=&#8221;outline-custom&#8221; outline_custom_color=&#8221;#0448d1&#8243; outline_custom_hover_background=&#8221;#0448d1&#8243; outline_custom_hover_text=&#8221;#ffffff&#8221; align=&#8221;left&#8221; i_type=&#8221;typicons&#8221; i_icon_typicons=&#8221;typcn typcn-device-desktop&#8221; button_block=&#8221;true&#8221; add_icon=&#8221;true&#8221; link=&#8221;url:https%3A%2F%2Fwww.bilaketa.es%2Fclub-de-ciencias-y-nuevas-tecnologias%2F|title:Zientzien%20eta%20Teknologia%20Berrien%20Kluba||&#8221;][\/vc_column][vc_column width=&#8221;3\/4&#8243; fade_animation_offset=&#8221;45px&#8221;][vc_row_inner padding_top=&#8221;60px&#8221; padding_bottom=&#8221;0px&#8221; bg_video=&#8221;&#8221; class=&#8221;&#8221; style=&#8221;&#8221;][vc_column_inner fade_animation=&#8221;in-from-left&#8221; fade_animation_offset=&#8221;45px&#8221; id=&#8221;&#8221; class=&#8221;&#8221; style=&#8221;&#8221;][vc_column_text]<h3  class=\"h-custom-headline h4\" ><span>Historia<\/span><\/h3><hr  class=\"x-hr\" >[\/vc_column_text][\/vc_column_inner][\/vc_row_inner][vc_row_inner padding_top=&#8221;0px&#8221; padding_bottom=&#8221;0px&#8221;][vc_column_inner width=&#8221;2\/3&#8243; fade_animation=&#8221;in-from-left&#8221; fade_animation_offset=&#8221;45px&#8221; id=&#8221;&#8221; class=&#8221;&#8221; style=&#8221;&#8221;][vc_column_text]<p>Mariano Garc\u00edaren musika banda 1998ko maiatzean sortu zen. Taldea 50 kidek osatzen dute, gehienak 14 eta 36 urte bitartekoak direlarik.<\/p>\n<p>Taldea sortu zenetik, Emilio Est\u00e9vez irakasleak zuzendu zuen. 2010ean, osasun-arrazoiengatik, Emiliok zuzendaritza utzi eta Juan Beroiz eta David Mart\u00ednezek kargua hartu zuten. Eta 2013ko otsailetik aurrera, zuzendaria David Mart\u00ednez da.<\/p>\n<p>Bere errepertorioan era guztietako musika sortu dute; bandarako, desfileetarako (kalejirak, dianak, prozesio martxak, etab.), kontzertuetarako (pasodobleak, zarzuelak, soinu-bandak, jazzeko errepertorioko obrak, musika klasikoa eta modernoa, etab.) eta folkloreetarako.<\/p>\n<p>Bere merituen artean, Iru\u00f1eko Hotel Maisonnavek antolatutako Banda Lehiaketaren lehen saria lortu zuten 2002ko uztailean eta 2004ean sari berezia.<\/p>\n<p>Urte hauetan zehar kontzertuak eskeini dituzte Iru\u00f1ean, Arguedasen, Huarten (Iru\u00f1ea), Sartagudan, Murillo el Fruton, Bara\u00f1ainen, Agoitzen, Logro\u00f1on, Zaragozan, Madrilgo Buen Retiro parkeko Musika, Forcareien (Pontevedra), A R\u00faa de Valdeorrasen (Ourense), Toledon eta, azkenik, 2014ko maiatzaren 11n, taldea sortu zeneko XV. urteurrena zela eta, kalejira batean parte hartu zuten, eta, ondoren, Madrileko Kanaleko Antzokien Areto Berdean egin zen kontzertu batean.<\/p>\n<p>Hiru urte geroago, 2017an, kontzertu bat eskaini zuten Baezako Montemar antzokian (Jaen).<\/p>\n[\/vc_column_text][\/vc_column_inner][vc_column_inner width=&#8221;1\/3&#8243; fade_animation_offset=&#8221;45px&#8221;][vc_cta h2=&#8221;&#8221; add_icon=&#8221;top&#8221; i_icon_fontawesome=&#8221;fa fa-leanpub&#8221; i_color=&#8221;custom&#8221; i_background_style=&#8221;rounded&#8221; i_size=&#8221;lg&#8221; i_on_border=&#8221;true&#8221; i_custom_color=&#8221;#4e4e4e&#8221; i_link=&#8221;||&#8221;]\n<h4 style=\"text-align: center;\"><a href=\"https:\/\/www.bilaketa.es\/wp-content\/uploads\/2016\/07\/REPERTORIO.pdf\" target=\"_blank\" rel=\"noopener\">Errepertorioa Ikusi<\/a><\/h4>\n[\/vc_cta][\/vc_column_inner][\/vc_row_inner][vc_row_inner padding_top=&#8221;60px&#8221; padding_bottom=&#8221;0px&#8221; bg_video=&#8221;&#8221; class=&#8221;&#8221; style=&#8221;&#8221;][vc_column_inner fade=&#8221;true&#8221; fade_animation=&#8221;in-from-left&#8221; fade_animation_offset=&#8221;45px&#8221; id=&#8221;&#8221; class=&#8221;&#8221; style=&#8221;&#8221;][vc_cta h2=&#8221;&#8221; style=&#8221;outline&#8221; add_icon=&#8221;left&#8221; i_icon_fontawesome=&#8221;fa fa-envelope&#8221; i_color=&#8221;custom&#8221; i_background_style=&#8221;rounded&#8221; i_custom_color=&#8221;#4e4e4e&#8221;]Gurekin harremanetan jartzeko, honako telefono zenbakia deitu dezakezu edo gure e-mail idatzi:<br \/>\nTelefonoa: 948 336 598<br \/>\nPosta elektronikoa:&nbsp;<a href=\"mailto:info@bilaketa.com\">info@bilaketa.com<\/a>[\/vc_cta][\/vc_column_inner][\/vc_row_inner][vc_row_inner padding_top=&#8221;60px&#8221; padding_bottom=&#8221;0px&#8221; bg_video=&#8221;&#8221; class=&#8221;&#8221; style=&#8221;&#8221;][vc_column_inner fade=&#8221;true&#8221; fade_animation=&#8221;in-from-left&#8221; fade_animation_offset=&#8221;45px&#8221; id=&#8221;&#8221; class=&#8221;&#8221; style=&#8221;&#8221;][vc_column_text]<p><iframe loading=\"lazy\" src=\"https:\/\/www.youtube.com\/embed\/2V70XAMPI0E\" width=\"560\" height=\"415\" frameborder=\"0\" allowfullscreen=\"allowfullscreen\"><\/iframe><\/p>\n[\/vc_column_text][\/vc_column_inner][\/vc_row_inner][vc_row_inner padding_top=&#8221;60px&#8221; padding_bottom=&#8221;0px&#8221; bg_video=&#8221;&#8221; class=&#8221;&#8221; style=&#8221;&#8221;][vc_column_inner width=&#8221;1\/2&#8243; fade=&#8221;true&#8221; fade_animation=&#8221;in-from-left&#8221; fade_animation_offset=&#8221;45px&#8221; id=&#8221;&#8221; class=&#8221;&#8221; style=&#8221;&#8221;][vc_column_text]<p><iframe loading=\"lazy\" src=\"https:\/\/www.youtube.com\/embed\/-yrOusAC_U4\" width=\"360\" height=\"220\" frameborder=\"0\" allowfullscreen=\"allowfullscreen\"><\/iframe><\/p>\n[\/vc_column_text][vc_column_text]<p><iframe loading=\"lazy\" src=\"https:\/\/www.youtube.com\/embed\/6zcVbD_Wg0Q\" width=\"360\" height=\"220\" frameborder=\"0\" allowfullscreen=\"allowfullscreen\"><\/iframe><\/p>\n[\/vc_column_text][\/vc_column_inner][vc_column_inner width=&#8221;1\/2&#8243;][vc_column_text]<p><iframe loading=\"lazy\" src=\"https:\/\/www.youtube.com\/embed\/ge2lFjBe6JU\" width=\"360\" height=\"220\" frameborder=\"0\" allowfullscreen=\"allowfullscreen\"><\/iframe><\/p>\n[\/vc_column_text][vc_column_text]\n<p><iframe loading=\"lazy\" src=\"https:\/\/www.youtube.com\/embed\/guNG3_0HQSY\" width=\"360\" height=\"220\" frameborder=\"0\" allowfullscreen=\"allowfullscreen\"><\/iframe><\/p>\n\n<p><span data-mce-type=\"bookmark\" style=\"display: inline-block; width: 0px; overflow: hidden; line-height: 0;\" class=\"mce_SELRES_start\">\ufeff<\/span>[\/vc_column_text][\/vc_column_inner][\/vc_row_inner][vc_row_inner padding_top=&#8221;0px&#8221; padding_bottom=&#8221;0px&#8221;][vc_column_inner fade_animation_offset=&#8221;45px&#8221;][vc_media_grid item=&#8221;mediaGrid_SimpleOverlay&#8221; grid_id=&#8221;vc_gid:1694024036504-aae1b0bc7df5eb9be025136232e534ea-9&#8243; include=&#8221;1289,1290,1291,1292,1293,1295&#8243;][\/vc_column_inner][\/vc_row_inner][\/vc_column][\/vc_row][vc_row padding_top=&#8221;0px&#8221; padding_bottom=&#8221;0px&#8221;][vc_column fade_animation_offset=&#8221;45px&#8221;][vc_single_image image=&#8221;5761&#8243; img_size=&#8221;full&#8221; alignment=&#8221;center&#8221; style=&#8221;vc_box_rounded&#8221; onclick=&#8221;custom_link&#8221; link=&#8221;https:\/\/www.bilaketa.es\/publicaciones\/&#8221;][\/vc_column][\/vc_row][vc_row padding_top=&#8221;60px&#8221; padding_bottom=&#8221;0px&#8221; bg_video=&#8221;&#8221; class=&#8221;&#8221; style=&#8221;&#8221;][vc_column fade_animation_offset=&#8221;45px&#8221;][vc_btn title=&#8221;Argitalpenak&#8221; style=&#8221;gradient-custom&#8221; gradient_custom_color_1=&#8221;#dd9933&#8243; gradient_custom_color_2=&#8221;#799104&#8243; size=&#8221;lg&#8221; align=&#8221;center&#8221; button_block=&#8221;true&#8221; link=&#8221;url:https%3A%2F%2Fwww.bilaketa.es%2Fpublicaciones%2F||&#8221;][\/vc_column][\/vc_row]\n<\/div>","protected":false},"excerpt":{"rendered":"<p>[vc_row padding_top=&#8221;30px&#8221; padding_bottom=&#8221;0px&#8221; bg_video=&#8221;&#8221; class=&#8221;&#8221; style=&#8221;&#8221;][vc_column fade_animation_offset=&#8221;45px&#8221;][vc_column_text][\/vc_column_text][\/vc_column][\/vc_row][vc_row padding_top=&#8221;0px&#8221; padding_bottom=&#8221;0px&#8221; border=&#8221;none&#8221; bg_video=&#8221;&#8221; class=&#8221;&#8221; style=&#8221;&#8221;][vc_column width=&#8221;1\/4&#8243; fade_animation=&#8221;in-from-left&#8221; fade_animation_offset=&#8221;45px&#8221; id=&#8221;&#8221; class=&#8221;&#8221; style=&#8221;&#8221;][vc_btn title=&#8221;Gazteria Arloa&#8221; style=&#8221;outline-custom&#8221; outline_custom_color=&#8221;#fe8404&#8243; outline_custom_hover_background=&#8221;#fe8404&#8243; outline_custom_hover_text=&#8221;#ffffff&#8221; align=&#8221;left&#8221; i_type=&#8221;entypo&#8221; i_icon_entypo=&#8221;entypo-icon entypo-icon-pencil&#8221; button_block=&#8221;true&#8221; add_icon=&#8221;true&#8221; link=&#8221;url:https%3A%2F%2Fwww.bilaketa.es%2Feu%2Fgazteria-arloa%2F|title:Gazteria%20Arloa||&#8221;][vc_btn title=&#8221;Adinekoen Arloa&#8221; style=&#8221;outline-custom&#8221; outline_custom_color=&#8221;#b19d96&#8243; outline_custom_hover_background=&#8221;#b19d96&#8243; outline_custom_hover_text=&#8221;#ffffff&#8221; align=&#8221;left&#8221; i_type=&#8221;entypo&#8221; i_icon_entypo=&#8221;entypo-icon entypo-icon-feather&#8221; button_block=&#8221;true&#8221; add_icon=&#8221;true&#8221; link=&#8221;url:https%3A%2F%2Fwww.bilaketa.es%2Feu%2Fadinekoen-arloa%2F|title:Adinekoen%20Arloa||&#8221;][vc_btn title=&#8221;Kultur Arloa&#8221; style=&#8221;custom&#8221; custom_background=&#8221;#4e4e4e&#8221; custom_text=&#8221;#ffffff&#8221; align=&#8221;left&#8221; i_type=&#8221;entypo&#8221; i_icon_entypo=&#8221;entypo-icon entypo-icon-book&#8221; button_block=&#8221;true&#8221; add_icon=&#8221;true&#8221; link=&#8221;url:https%3A%2F%2Fwww.bilaketa.es%2Feu%2Fkultur-arloa%2F|title:Kultur%20Arloa||&#8221;][vc_btn title=&#8221;Aurkezpena&#8221; style=&#8221;outline-custom&#8221; outline_custom_color=&#8221;#4e4e4e&#8221; &#8230;<\/p>\n","protected":false},"author":2,"featured_media":0,"parent":3166,"menu_order":0,"comment_status":"closed","ping_status":"closed","template":"","meta":{"ngg_post_thumbnail":0,"footnotes":""},"class_list":["post-3226","page","type-page","status-publish","hentry","no-post-thumbnail"],"_links":{"self":[{"href":"https:\/\/www.bilaketa.es\/eu\/wp-json\/wp\/v2\/pages\/3226"}],"collection":[{"href":"https:\/\/www.bilaketa.es\/eu\/wp-json\/wp\/v2\/pages"}],"about":[{"href":"https:\/\/www.bilaketa.es\/eu\/wp-json\/wp\/v2\/types\/page"}],"author":[{"embeddable":true,"href":"https:\/\/www.bilaketa.es\/eu\/wp-json\/wp\/v2\/users\/2"}],"replies":[{"embeddable":true,"href":"https:\/\/www.bilaketa.es\/eu\/wp-json\/wp\/v2\/comments?post=3226"}],"version-history":[{"count":8,"href":"https:\/\/www.bilaketa.es\/eu\/wp-json\/wp\/v2\/pages\/3226\/revisions"}],"predecessor-version":[{"id":6088,"href":"https:\/\/www.bilaketa.es\/eu\/wp-json\/wp\/v2\/pages\/3226\/revisions\/6088"}],"up":[{"embeddable":true,"href":"https:\/\/www.bilaketa.es\/eu\/wp-json\/wp\/v2\/pages\/3166"}],"wp:attachment":[{"href":"https:\/\/www.bilaketa.es\/eu\/wp-json\/wp\/v2\/media?parent=3226"}],"curies":[{"name":"wp","href":"https:\/\/api.w.org\/{rel}","templated":true}]}}